{"id":3,"date":"2026-02-12T08:36:26","date_gmt":"2026-02-12T07:36:26","guid":{"rendered":"https:\/\/polloalcarbon.es\/?page_id=3"},"modified":"2026-04-24T19:05:22","modified_gmt":"2026-04-24T17:05:22","slug":"politica-privacidad","status":"publish","type":"page","link":"https:\/\/polloalcarbon.es\/pt\/politica-privacidad\/","title":{"rendered":"Pol\u00edtica de Privacidade"},"content":{"rendered":"<div data-elementor-type=\"wp-page\" data-elementor-id=\"3\" class=\"elementor elementor-3\" data-elementor-post-type=\"page\">\n\t\t\t\t<div class=\"elementor-element elementor-element-2c0007b5 e-flex e-con-boxed e-con e-parent\" data-id=\"2c0007b5\" data-element_type=\"container\" data-e-type=\"container\" data-settings=\"{&quot;jet_parallax_layout_list&quot;:[]}\">\n\t\t\t\t\t<div class=\"e-con-inner\">\n\t\t\t\t<div class=\"elementor-element elementor-element-425c9f90 elementor-widget elementor-widget-text-editor\" data-id=\"425c9f90\" data-element_type=\"widget\" data-e-type=\"widget\" data-widget_type=\"text-editor.default\">\n\t\t\t\t\t\t\t\t\t\n<h2 class=\"wp-block-heading\">Quem somos<\/h2>\n\n<p class=\"wp-block-paragraph\">\u00a0https:\/\/polloalcarbon.es.<\/p>\n<p>Assadores a Carv\u00e3o T\u00edpicos Portugueses Lda<\/p>\n<p>N.I.F: B10490894<\/p>\n<p>Rua Pedro de Ibarra, 6<br \/>10004 C\u00e1ceres (C\u00e1ceres) Espanha<\/p>\n<p>\u00a0<\/p>\n\n<h2 class=\"wp-block-heading\">Coment\u00e1rios<\/h2>\n\n<p class=\"wp-block-paragraph\">Quando os visitantes deixam coment\u00e1rios no site, recolhemos os dados mostrados no formul\u00e1rio de coment\u00e1rios, bem como o endere\u00e7o IP do visitante e a cadeia de caracteres do agente do utilizador do navegador para ajudar na dete\u00e7\u00e3o de spam.<\/p>\n\n<p class=\"wp-block-paragraph\">Uma cadeia an\u00f3nima criada a partir do seu endere\u00e7o de e-mail (tamb\u00e9m chamada de *hash*) pode ser fornecida ao servi\u00e7o Gravatar para verificar se o est\u00e1 a utilizar. A pol\u00edtica de privacidade do servi\u00e7o Gravatar est\u00e1 dispon\u00edvel aqui: https:\/\/automattic.com\/privacy\/. Ap\u00f3s a aprova\u00e7\u00e3o do seu coment\u00e1rio, a sua imagem de perfil \u00e9 vis\u00edvel para o p\u00fablico no contexto do seu coment\u00e1rio.<\/p>\n<p>\u00a0<\/p>\n\n<h2 class=\"wp-block-heading\">Meios<\/h2>\n\n<p class=\"wp-block-paragraph\">Se carregar imagens para a web, deve evitar carregar imagens com dados de localiza\u00e7\u00e3o (GPS EXIF) inclu\u00eddos. Os visitantes da web podem descarregar e extrair quaisquer dados de localiza\u00e7\u00e3o de imagens da web.<\/p>\n<p>\u00a0<\/p>\n\n<h2 class=\"wp-block-heading\">Bolachas<\/h2>\n\n<p class=\"wp-block-paragraph\">Se deixar um coment\u00e1rio no nosso site, poder\u00e1 optar por guardar o seu nome, endere\u00e7o de e-mail e site em cookies. Isto \u00e9 para sua conveni\u00eancia, para que n\u00e3o tenha de preencher novamente os seus dados quando deixar outro coment\u00e1rio. Estas cookies ter\u00e3o a dura\u00e7\u00e3o de um ano.<\/p>\n\n<p class=\"wp-block-paragraph\">Se tiver uma conta e iniciar sess\u00e3o neste site, instalaremos um cookie tempor\u00e1rio para determinar se o seu navegador aceita cookies. Este cookie n\u00e3o cont\u00e9m dados pessoais e ser\u00e1 eliminado assim que fechar o navegador.<\/p>\n\n<p class=\"wp-block-paragraph\">Ao iniciar sess\u00e3o, tamb\u00e9m instalaremos v\u00e1rios cookies para guardar as suas informa\u00e7\u00f5es de in\u00edcio de sess\u00e3o e as suas op\u00e7\u00f5es de visualiza\u00e7\u00e3o do ecr\u00e3. Os cookies de in\u00edcio de sess\u00e3o duram dois dias, e os cookies de op\u00e7\u00f5es do ecr\u00e3 duram um ano. Se selecionar \u00abMemorizar-me\u00bb, o seu in\u00edcio de sess\u00e3o persistir\u00e1 por duas semanas. Se sair da sua conta, os cookies de in\u00edcio de sess\u00e3o ser\u00e3o removidos.<\/p>\n\n<p class=\"wp-block-paragraph\">Se editar ou publicar um artigo, um cookie adicional ser\u00e1 guardado no seu navegador. Este cookie n\u00e3o cont\u00e9m dados pessoais e indica apenas o ID do artigo que acabou de editar. Expira ap\u00f3s 1 dia.<\/p>\n<p>\u00a0<\/p>\n\n<h2 class=\"wp-block-heading\">Conte\u00fado incorporado de outros websites<\/h2>\n\n<p class=\"wp-block-paragraph\">Os artigos deste site podem incluir conte\u00fado incorporado (por exemplo, v\u00eddeos, imagens, artigos, etc.). O conte\u00fado incorporado de outros sites comporta-se exatamente da mesma maneira como se o visitante tivesse visitado o outro site.<\/p>\n\n<p class=\"wp-block-paragraph\">Este s\u00edtio web pode recolher dados sobre si, utilizar cookies, incorporar um rastreamento adicional de terceiros e monitorizar a sua intera\u00e7\u00e3o com esse conte\u00fado incorporado, incluindo o rastreamento da sua intera\u00e7\u00e3o com o conte\u00fado incorporado se tiver uma conta e estiver ligado a esse s\u00edtio web.<\/p>\n\n<h2 class=\"wp-block-heading\">Com quem partilhamos os teus dados<\/h2>\n\n<p class=\"wp-block-paragraph\">Se solicitar a reposi\u00e7\u00e3o de palavra-passe, o seu endere\u00e7o IP ser\u00e1 inclu\u00eddo no e-mail de reposi\u00e7\u00e3o.<\/p>\n<p>\u00a0<\/p>\n\n<h2 class=\"wp-block-heading\">Por quanto tempo conservamos os seus dados<\/h2>\n\n<p class=\"wp-block-paragraph\">Se deixar um coment\u00e1rio, o coment\u00e1rio e os seus metadados s\u00e3o mantidos indefinidamente. Isto \u00e9 para que possamos reconhecer e aprovar coment\u00e1rios subsequentes automaticamente, em vez de os manter numa fila de modera\u00e7\u00e3o.<\/p>\n\n<p class=\"wp-block-paragraph\">Dos utilizadores que se registam no nosso website (se os houver), tamb\u00e9m armazenamos as informa\u00e7\u00f5es pessoais que fornecem no seu perfil de utilizador. Todos os utilizadores podem ver, editar ou eliminar as suas informa\u00e7\u00f5es pessoais a qualquer momento (exceto que n\u00e3o podem alterar o seu nome de utilizador). Os administradores do website tamb\u00e9m podem ver e editar essas informa\u00e7\u00f5es.<\/p>\n<p>\u00a0<\/p>\n\n<h2 class=\"wp-block-heading\">Que direitos tem sobre os seus dados<\/h2>\n\n<p class=\"wp-block-paragraph\">Se tiver uma conta ou tiver deixado coment\u00e1rios neste site, pode solicitar receber um ficheiro de exporta\u00e7\u00e3o dos dados pessoais que temos sobre si, incluindo quaisquer dados que nos tenha fornecido. Tamb\u00e9m pode solicitar que eliminemos quaisquer dados pessoais que tenhamos sobre si. Isto n\u00e3o inclui quaisquer dados que sejamos obrigados a conservar para fins administrativos, legais ou de seguran\u00e7a.<\/p>\n<p>\u00a0<\/p>\n\n<h2 class=\"wp-block-heading\">Para onde s\u00e3o enviados os seus dados<\/h2>\n\n<p class=\"wp-block-paragraph\">Os coment\u00e1rios dos visitantes podem ser revistos por um servi\u00e7o autom\u00e1tico de dete\u00e7\u00e3o de spam.<\/p>\n\n<p>\u00a0<\/p>\t\t\t\t\t\t\t\t<\/div>\n\t\t\t\t<div class=\"elementor-element elementor-element-9466e83 elementor-widget elementor-widget-shortcode\" data-id=\"9466e83\" data-element_type=\"widget\" data-e-type=\"widget\" data-widget_type=\"shortcode.default\">\n\t\t\t\t\t\t\t<div class=\"elementor-shortcode\">        <div class=\"csr-public-cookie-policy\">\n            <h2>Pol\u00edtica de Cookies<\/h2>            <p>Na Pollo al Carb\u00f3n utilizamos cookies pr\u00f3prias e de terceiros para garantir o correto funcionamento do website, melhorar a experi\u00eancia de navega\u00e7\u00e3o, analisar a utiliza\u00e7\u00e3o da p\u00e1gina e, quando aplic\u00e1vel, realizar medi\u00e7\u00e3o ou personaliza\u00e7\u00e3o de conte\u00fados.<\/p>\n            <h3>O que s\u00e3o os cookies?<\/h3>\n            <p>Os cookies s\u00e3o pequenos ficheiros que ficam armazenados no navegador do utilizador quando visita um website. Servem para recordar informa\u00e7\u00f5es sobre a visita, manter sess\u00f5es, guardar prefer\u00eancias ou recolher dados estat\u00edsticos de navega\u00e7\u00e3o.<\/p>\n            <h3>Tipos de cookies detectados<\/h3>\n            <p>De acordo com a \u00faltima an\u00e1lise realizada neste site, as seguintes categorias foram detetadas: <strong>Anal\u00edtica, T\u00e9cnica<\/strong>.<\/p>\n            <ul>\n                <li><strong>T\u00e9cnicas:<\/strong> necess\u00e1rias para o funcionamento b\u00e1sico do site, seguran\u00e7a, sess\u00e3o ou gest\u00e3o de consentimento.<\/li>\n                <li><strong>Anal\u00edticas:<\/strong> ajudam a saber como a web \u00e9 utilizada para melhorar conte\u00fados, navega\u00e7\u00e3o e desempenho.<\/li>\n                <li><strong>Marketing<\/strong> podem ser utilizadas para medi\u00e7\u00e3o publicit\u00e1ria, acompanhamento de convers\u00f5es ou personaliza\u00e7\u00e3o de an\u00fancios.<\/li>\n                <li><strong>Conte\u00fado externo:<\/strong> podem ser instaladas por servi\u00e7os de terceiros ao apresentar v\u00eddeos, mapas, leitores ou outros elementos incorporados.<\/li>\n            <\/ul>\n            <h3>Cookies utilizadas neste website<\/h3>\n                            <div class=\"csr-public-cookie-table-wrap\"><table class=\"csr-public-cookie-table\"><thead><tr><th>Bolacha<\/th><th>Dom\u00ednio<\/th><th>Descri\u00e7\u00e3o<\/th><th>Dura\u00e7\u00e3o<\/th><th>Tipo<\/th><\/tr><\/thead><tbody>\n                <tr><td>_ga<\/td><td>.polloalcarbon.es<\/td><td>O Google Analytics utiliza este cookie para distinguir utilizadores e compilar estat\u00edsticas de utiliza\u00e7\u00e3o do website.<\/td><td>sess\u00e3o<\/td><td>Anal\u00edtica<\/td><\/tr><tr><td>_ga_*<\/td><td>.polloalcarbon.es<\/td><td>O Google Analytics utiliza este cookie para distinguir utilizadores e compilar estat\u00edsticas de utiliza\u00e7\u00e3o do website.<\/td><td>sess\u00e3o<\/td><td>Anal\u00edtica<\/td><\/tr><tr><td>_gid<\/td><td>.polloalcarbon.es<\/td><td>O Google Analytics utiliza esta cookie para distinguir utilizadores e gerar informa\u00e7\u00f5es estat\u00edsticas sobre como o site \u00e9 utilizado.<\/td><td>sess\u00e3o<\/td><td>Anal\u00edtica<\/td><\/tr><tr><td>byconsolewooodt_delivery_widget_cookie<\/td><td>.polloalcarbon.es<\/td><td>Cookie definida pelo servidor para o funcionamento ou medi\u00e7\u00e3o do website.<\/td><td>1 dia<\/td><td>T\u00e9cnica<\/td><\/tr><tr><td>consentimento<\/td><td>.polloalcarbon.es<\/td><td>O CookieYes utiliza este cookie para recordar as prefer\u00eancias de consentimento do utilizador.<\/td><td>sess\u00e3o<\/td><td>T\u00e9cnica<\/td><\/tr><tr><td>cookieyes-consent<\/td><td>.polloalcarbon.es<\/td><td>O CookieYes utiliza este cookie para recordar as prefer\u00eancias de consentimento do utilizador.<\/td><td>sess\u00e3o<\/td><td>T\u00e9cnica<\/td><\/tr>                <\/tbody><\/table><\/div>\n                        <h3>Como configurar ou rejeitar cookies<\/h3>\n            <p>O utilizador pode aceitar, rejeitar ou configurar os cookies n\u00e3o essenciais a partir do banner ou painel de consentimento dispon\u00edvel no website, quando existir. Adicionalmente, pode bloquear ou remover cookies nas configura\u00e7\u00f5es do seu navegador.<\/p>\n            <h3>Atualiza\u00e7\u00e3o da pol\u00edtica<\/h3>\n            <p>Esta pol\u00edtica pode ser atualizada quando os cookies utilizados pelo website forem alterados ou quando novos servi\u00e7os de terceiros forem incorporados.<\/p>\n        <\/div>\n        <\/div>\n\t\t\t\t\t\t<\/div>\n\t\t\t\t\t<\/div>\n\t\t\t\t<\/div>\n\t\t\t\t<\/div>","protected":false},"excerpt":{"rendered":"<p>Qui\u00e9nes somos \u00a0https:\/\/polloalcarbon.es. ASADORES AL CARBON TIPICO PORTUGUEZ SL C.I.F: B10490894 C\/ Pedro de Ibarra, 610004 C\u00e1ceres (C\u00e1ceres) Espa\u00f1a \u00a0 Comentarios Cuando los visitantes dejan comentarios en la web, recopilamos los datos que se muestran en el formulario de comentarios, as\u00ed como la direcci\u00f3n IP del visitante y la cadena de agentes de usuario del [&hellip;]<\/p>\n","protected":false},"author":1,"featured_media":0,"parent":0,"menu_order":0,"comment_status":"closed","ping_status":"open","template":"","meta":{"footnotes":""},"class_list":["post-3","page","type-page","status-publish","hentry"],"_links":{"self":[{"href":"https:\/\/polloalcarbon.es\/pt\/wp-json\/wp\/v2\/pages\/3","targetHints":{"allow":["GET"]}}],"collection":[{"href":"https:\/\/polloalcarbon.es\/pt\/wp-json\/wp\/v2\/pages"}],"about":[{"href":"https:\/\/polloalcarbon.es\/pt\/wp-json\/wp\/v2\/types\/page"}],"author":[{"embeddable":true,"href":"https:\/\/polloalcarbon.es\/pt\/wp-json\/wp\/v2\/users\/1"}],"replies":[{"embeddable":true,"href":"https:\/\/polloalcarbon.es\/pt\/wp-json\/wp\/v2\/comments?post=3"}],"version-history":[{"count":6,"href":"https:\/\/polloalcarbon.es\/pt\/wp-json\/wp\/v2\/pages\/3\/revisions"}],"predecessor-version":[{"id":844,"href":"https:\/\/polloalcarbon.es\/pt\/wp-json\/wp\/v2\/pages\/3\/revisions\/844"}],"wp:attachment":[{"href":"https:\/\/polloalcarbon.es\/pt\/wp-json\/wp\/v2\/media?parent=3"}],"curies":[{"name":"wp","href":"https:\/\/api.w.org\/{rel}","templated":true}]}}